{"id":2313,"date":"2019-10-15T13:56:01","date_gmt":"2019-10-15T11:56:01","guid":{"rendered":"https:\/\/doloresibarruribhi.eus\/?page_id=2313"},"modified":"2019-10-15T13:56:06","modified_gmt":"2019-10-15T11:56:06","slug":"nuestra-historia","status":"publish","type":"page","link":"https:\/\/doloresibarruribhi.eus\/es\/nuestra-historia\/","title":{"rendered":"Nuestra historia"},"content":{"rendered":"<p>[et_pb_section fb_built=\u00bb1&#8243; fullwidth=\u00bbon\u00bb _builder_version=\u00bb3.26&#8243; custom_margin=\u00bb||0px||false|false\u00bb custom_padding=\u00bb||0px||false|false\u00bb][et_pb_fullwidth_post_title meta=\u00bboff\u00bb featured_image=\u00bboff\u00bb _builder_version=\u00bb3.26&#8243; background_image=\u00bbhttps:\/\/doloresibarruribhi.eus\/wp-content\/uploads\/2019\/07\/DoloresIbarruri_Goiburua.png\u00bb][\/et_pb_fullwidth_post_title][\/et_pb_section][et_pb_section fb_built=\u00bb1&#8243; _builder_version=\u00bb3.26&#8243; custom_margin=\u00bb0px||||false|false\u00bb custom_padding=\u00bb0px||||false|false\u00bb][et_pb_row module_class=\u00bbdolores\u00bb _builder_version=\u00bb3.26&#8243;][et_pb_column type=\u00bb4_4&#8243; _builder_version=\u00bb3.26&#8243;][et_pb_text _builder_version=\u00bb3.26&#8243;]<\/p>\n<h1>Dolores Ibarruri, \u00abPasionaria\u00bb<\/h1>\n<p>[\/et_pb_text][\/et_pb_column][\/et_pb_row][et_pb_row column_structure=\u00bb1_2,1_2&#8243; _builder_version=\u00bb3.26&#8243;][et_pb_column type=\u00bb1_2&#8243; _builder_version=\u00bb3.26&#8243;][et_pb_text _builder_version=\u00bb3.26&#8243;]<\/p>\n<p style=\"font-weight: 400;\">Dolores Ibarruri G\u00f3mez naci\u00f3 el 9 de Diciembre de 1895 en Gallarta en el seno de una familia pobre y numerosa. De familia minera y carlista, el ambiente familiar, las lecturas piadosas y su fort\u00edsimo car\u00e1cter favorecieron una devoci\u00f3n religiosa que la llev\u00f3 a las puertas del convento.<\/p>\n<p style=\"font-weight: 400;\">Su formaci\u00f3n escolar hasta los 15 a\u00f1os fue buena para la \u00e9poca. Comenz\u00f3 estudios de magisterio pero la penuria econ\u00f3mica de su familia y los perjuicios de la \u00e9poca hicieron que los abandonara para trabajar en un taller de costura, y despu\u00e9s en una casa realizando labores dom\u00e9sticas.<\/p>\n<p style=\"font-weight: 400;\">Su padre, de ideolog\u00eda carlista, pero no militante, mandaba a su hija Dolores siendo esta a\u00fan una ni\u00f1a a los m\u00edtines del partido donde se despert\u00f3 y se empez\u00f3 a formar el talento oratorio de la futura Pasionaria.<\/p>\n<p style=\"font-weight: 400;\">En 1916 se casa con un minero socialista llamado Juli\u00e1n Ruiz, con el que tuvo cinco hijas y un hijo: Ester (1916 \u2013 1919), Rub\u00e9n (1921-1942), las trillizas, Amagoya (1923-1923), Azucena (1923-1925) y Amaia (1923-) y Eva (1928-1928).<\/p>\n<p>[\/et_pb_text][et_pb_image src=\u00bbhttps:\/\/doloresibarruribhi.eus\/wp-content\/uploads\/2019\/07\/Dolores-Ibarruri-Pasionaria_2.jpg\u00bb _builder_version=\u00bb3.26&#8243; border_radii=\u00bboff||45px||\u00bb border_width_all=\u00bb1px\u00bb border_color_all=\u00bb#223c42&#8243; border_style_all=\u00bbdashed\u00bb][\/et_pb_image][et_pb_text _builder_version=\u00bb3.26&#8243;]<\/p>\n<p style=\"font-weight: 400;\">En 1931 se present\u00f3 a las elecciones de las Cortes Constituyentes, siendo derrotada su candidatura. Ese mismo a\u00f1o se traslad\u00f3 a Madrid para trabajar en la redacci\u00f3n del peri\u00f3dico del partido comunista \u201cMundo Obrero\u201d. En 1932 la nombran responsable de la Comisi\u00f3n Femenina del partido y es en 1933 cuando la nombran presidenta en la reci\u00e9n fundada Uni\u00f3n de Mujeres Antifascistas.<\/p>\n<p style=\"font-weight: 400;\">Fue encarcelada varias veces debido a sus fuertes y punzantes discursos y a su activa militancia en las manifestaciones comunistas. Destac\u00f3 en el Congreso de los Diputados de la II Rep\u00fablica como diputada en el PCE por Asturias (1936).<\/p>\n<p style=\"font-weight: 400;\">Figura relevante durante la Guerra Civil, fue elegida vicepresidenta de las Cortes Republicanas en 1937. Durante este periodo se convirti\u00f3 en un mito para una parte de Espa\u00f1a, siendo famosa por sus arengas a favor a la causa republicana y popularizando el lema \u201cNo pasar\u00e1n\u201d durante la defensa de Madrid. Tras finalizar la Guerra Civil Espa\u00f1ola se exili\u00f3 a la URSS.<\/p>\n<p style=\"font-weight: 400;\">En 1942 fue elegida Secretaria General del PCE clandestino. En 1960 present\u00f3 su dimisi\u00f3n para pasar a ocupar el cargo de Presidenta del Partido.<\/p>\n<p style=\"font-weight: 400;\">Tras la muerte del dictador Francisco Franco y durante la transici\u00f3n democr\u00e1tica volvi\u00f3 a Espa\u00f1a en 1977, tras 38 a\u00f1os de exilio, y fue elegida nuevamente Diputada por Asturias en las primeras elecciones democr\u00e1ticas, siendo su papel en la pol\u00edtica m\u00e1s simb\u00f3lico que real.<\/p>\n<p style=\"font-weight: 400;\">En 1986 se inaugura en Gallarta una plaza con su nombre y se le entrega la primera medalla de oro del municipio.<\/p>\n<p style=\"font-weight: 400;\">Dolores Ibarruri muri\u00f3 en Madrid el 12 de noviembre de 1989.<\/p>\n<p>[\/et_pb_text][\/et_pb_column][et_pb_column type=\u00bb1_2&#8243; _builder_version=\u00bb3.26&#8243;][et_pb_image src=\u00bbhttps:\/\/doloresibarruribhi.eus\/wp-content\/uploads\/2019\/07\/Dolores-Ibarruri-Pasionaria.jpg\u00bb _builder_version=\u00bb3.26&#8243; border_radii=\u00bboff||45px||\u00bb border_width_all=\u00bb1px\u00bb border_color_all=\u00bb#223c42&#8243; border_style_all=\u00bbdashed\u00bb][\/et_pb_image][et_pb_text _builder_version=\u00bb3.26&#8243;]<\/p>\n<p style=\"font-weight: 400;\">Con Juli\u00e1n adquiri\u00f3 ciertos rudimentos del marxismo. Ayud\u00e1ndose de sus experiencias y a lo que acontec\u00eda en el pa\u00eds, Dolores, en 1918, en la Semana de la Pasi\u00f3n, utiliz\u00f3 por primera vez el seud\u00f3nimo LA PASIONARIA para un art\u00edculo publicado en el peri\u00f3dico obrero \u00abEL Minero Vizca\u00edno\u00bb.<\/p>\n<p style=\"font-weight: 400;\">Siendo integrante de las Juventudes Socialistas de Somorrostro, Dolores Ibarruri en 1919 fue part\u00edcipe de la escisi\u00f3n pro comunista del PSOE, participando en 1920 en la fundaci\u00f3n del Partido Comunista Espa\u00f1ol, en el cual militar\u00eda hasta su muerte. Es en este mismo a\u00f1o cuando es nombrada miembro del Comit\u00e9 Provincial de Vizcaya.<\/p>\n<p style=\"font-weight: 400;\">En 1921 se produce la fusi\u00f3n entre el PCE y otra formaci\u00f3n, reconstituy\u00e9ndose con el nombre de Partido Comunista de Espa\u00f1a.<\/p>\n<ol start=\"1930\">\n<li style=\"text-align: jutify;\">En 1930 es elegida miembro del Comit\u00e9 Central del Partido, movilizando a trabajadores y trabajadoras, participando en manifestaciones e iniciando as\u00ed su gran acci\u00f3n social.<\/li>\n<\/ol>\n<p>[\/et_pb_text][et_pb_image src=\u00bbhttps:\/\/doloresibarruribhi.eus\/wp-content\/uploads\/2019\/07\/Dolores-Ibarruri-Pasionaria3.jpg\u00bb _builder_version=\u00bb3.26&#8243; border_radii=\u00bboff||45px||\u00bb border_width_all=\u00bb1px\u00bb border_color_all=\u00bb#223c42&#8243; border_style_all=\u00bbdashed\u00bb][\/et_pb_image][\/et_pb_column][\/et_pb_row][\/et_pb_section][et_pb_section fb_built=\u00bb1&#8243; _builder_version=\u00bb3.26&#8243; custom_margin=\u00bb0px||||false|false\u00bb custom_padding=\u00bb0px||||false|false\u00bb][et_pb_row module_class=\u00bbdolores\u00bb _builder_version=\u00bb3.26&#8243;][et_pb_column type=\u00bb4_4&#8243; _builder_version=\u00bb3.26&#8243;][et_pb_text _builder_version=\u00bb3.26&#8243;]<\/p>\n<h1>1971-2011, Programa del 40\u00ba aniversario<\/h1>\n<p>[\/et_pb_text][et_pb_image src=\u00bbhttps:\/\/doloresibarruribhi.eus\/wp-content\/uploads\/2019\/08\/D\u00edptico-programa-40-aniversario.jpg\u00bb _builder_version=\u00bb3.26&#8243;][\/et_pb_image][\/et_pb_column][\/et_pb_row][et_pb_row column_structure=\u00bb1_3,2_3&#8243; _builder_version=\u00bb3.26&#8243;][et_pb_column type=\u00bb1_3&#8243; _builder_version=\u00bb3.26&#8243;][et_pb_image src=\u00bbhttps:\/\/doloresibarruribhi.eus\/wp-content\/uploads\/2019\/08\/Logoa.jpg\u00bb _builder_version=\u00bb3.26&#8243; border_radii=\u00bboff||45px||\u00bb border_width_all=\u00bb1px\u00bb border_color_all=\u00bb#223c42&#8243; border_style_all=\u00bbdashed\u00bb][\/et_pb_image][\/et_pb_column][et_pb_column type=\u00bb2_3&#8243; _builder_version=\u00bb3.26&#8243;][et_pb_text _builder_version=\u00bb3.26&#8243;]<\/p>\n<p style=\"text-align: justify;\"><strong>\u00a1Este curso celebramos el 40\u00ba aniversario!<\/strong><\/p>\n<p style=\"text-align: justify;\"><strong>El IES Dolores Ibarruri naci\u00f3 en el curso 1971-72, por lo que este curso 2011-12 cumplimos 40 a\u00f1os.<br \/><\/strong><\/p>\n<p style=\"text-align: justify;\"><strong>Los actos programados ser\u00e1n del 28 de abril al 4 de mayo.<\/strong><\/p>\n<p style=\"text-align: left;\">\n[\/et_pb_text][\/et_pb_column][\/et_pb_row][et_pb_row _builder_version=\u00bb3.26&#8243;][et_pb_column type=\u00bb4_4&#8243; _builder_version=\u00bb3.26&#8243;][et_pb_text _builder_version=\u00bb3.26&#8243;]<\/p>\n<h2>Comunicaci\u00f3n a las familias, Programa y Evaluaci\u00f3n.<\/h2>\n<p>[\/et_pb_text][\/et_pb_column][\/et_pb_row][et_pb_row column_structure=\u00bb2_3,1_3&#8243; _builder_version=\u00bb3.26&#8243;][et_pb_column type=\u00bb2_3&#8243; _builder_version=\u00bb3.26&#8243;][et_pb_text _builder_version=\u00bb3.26&#8243;]<\/p>\n<p style=\"text-align: justify;\">DOLORES IBARRURI BHI 1971-72 ikasturtean jaio zen INSTITUTO NACIONAL DE ENSE\u00d1ANZA MEDIA MIXTO DE ABANTO Y CI\u00c9RVANA delako izenarekin. Lehenengo urtean garai horretan udaletxean eman behar izan zen eskola, obrak atzeratuta zeudelako eta ezin izan zen amaitu garaiz. Hurrengo ikasturtean, 1972-73, gaur egungo lekuan hasi ziren klaseak nahiz eta hornidura osoa ez eduki, ezta urbanizazio lanak egin ere.<\/p>\n<p style=\"text-align: justify;\">2011-12 ikasturte honetan, berez, 40. urteurrena ospatzen dugu eta ekitaldi kultural batzuk antolatzen ari dira zentro honetako bizitzan parte hartu duten eta parte hartzen duten pertsonek ospatzeko aukera izan dezaten.<\/p>\n<p style=\"text-align: justify;\">Apirilaren 28an, larunbata, ekitaldi instituzionala ospatuko dugu eta garai horretako oroigarrien erakusketa inauguratuko dugu. Egun berean herri bazkari bat egongo da. Maiatzaren 2an, asteazkena, urte hauetan gure institutuko bizitza ezagutzen zuten pertsona batzuekin mahai inguru bat egingo da. Maiatzaren 3an, osteguna, herriko abesbatza guztiekin kontzertu koral bat burutuko da. Maiatzaren 4an, ostiralean, Bertsolari pelikula emanaldia institutuan eta Gallartatik bertso-kalejira bat egingo dugu. Maiatzaren 10ean, ostegunean, herriko ikasleen gurasoentzako hitzaldi bat egongo da. Eta amaitzeko, 13an, igandean, goizeko mendi martxa izango dugu Gallarreta Mandi Taldearen laguntzaz.<\/p>\n<p>[\/et_pb_text][\/et_pb_column][et_pb_column type=\u00bb1_3&#8243; _builder_version=\u00bb3.26&#8243;][et_pb_text _builder_version=\u00bb3.26&#8243;]<\/p>\n<div class=\"portlet-section-body\">\n<p>Otros documentos relativos al 40\u00ba aniversario del Instituto. Eskerrik asko denoi!<\/p>\n<p>&nbsp;<\/p>\n<\/div>\n<div class=\"portlet-section-body\">\n<ul>\n<li>Convocatoria a las familias. Click <a href=\"https:\/\/doloresibarruribhi.eus\/wp-content\/uploads\/2019\/08\/Comunicaci\u00f3n-familias.pdf\" target=\"_blank\" rel=\"noopener noreferrer\"><strong>Aqu\u00ed.<\/strong><\/a>.<\/li>\n<li>Programa. Click <a href=\"https:\/\/doloresibarruribhi.eus\/wp-content\/uploads\/2019\/08\/40.-urteurrenaren-egitaraua-publikatzeko.pdf\" target=\"_blank\" rel=\"noopener noreferrer\"><strong>Aqu\u00ed<\/strong><\/a>.<\/li>\n<li>Evaluaci\u00f3n. Click <a href=\"https:\/\/doloresibarruribhi.eus\/wp-content\/uploads\/2019\/08\/40.-urteurreneko-ebaluazioa.pdf\" target=\"_blank\" rel=\"noopener noreferrer\"><strong>Aqu\u00ed<\/strong><\/a>.<\/li>\n<\/ul>\n<\/div>\n<p>&nbsp;<\/p>\n<p>[\/et_pb_text][\/et_pb_column][\/et_pb_row][\/et_pb_section][et_pb_section fb_built=\u00bb1&#8243; _builder_version=\u00bb3.26&#8243; custom_margin=\u00bb0px||||false|false\u00bb custom_padding=\u00bb0px||||false|false\u00bb][et_pb_row module_class=\u00bbdolores\u00bb _builder_version=\u00bb3.26&#8243;][et_pb_column type=\u00bb4_4&#8243; _builder_version=\u00bb3.26&#8243;][et_pb_text _builder_version=\u00bb3.26&#8243;]<\/p>\n<h1>Non gaude \u00b7 Abanto-Zierbena, Gallarta<\/h1>\n<p>[\/et_pb_text][\/et_pb_column][\/et_pb_row][et_pb_row _builder_version=\u00bb3.26&#8243;][et_pb_column type=\u00bb4_4&#8243; _builder_version=\u00bb3.26&#8243;][et_pb_text _builder_version=\u00bb3.26&#8243;]<\/p>\n<h2>Fotograf\u00edas Gallarta antiguo<\/h2>\n<p>[\/et_pb_text][et_pb_gallery gallery_ids=\u00bb431,422,419,413,416,410,425,428&#8243; posts_number=\u00bb8&#8243; _builder_version=\u00bb3.26&#8243; border_radii=\u00bboff||45px||\u00bb border_width_all=\u00bb1px\u00bb border_color_all=\u00bb#223c42&#8243; border_style_all=\u00bbdashed\u00bb][\/et_pb_gallery][\/et_pb_column][\/et_pb_row][et_pb_row column_structure=\u00bb1_3,1_3,1_3&#8243; _builder_version=\u00bb3.26&#8243;][et_pb_column type=\u00bb1_3&#8243; _builder_version=\u00bb3.26&#8243;][et_pb_image src=\u00bbhttps:\/\/doloresibarruribhi.eus\/wp-content\/uploads\/2019\/07\/Abanto_Zierbena_armarria.png\u00bb url=\u00bbhttps:\/\/eu.wikipedia.org\/wiki\/Abanto\u00bb url_new_window=\u00bbon\u00bb _builder_version=\u00bb3.26&#8243;][\/et_pb_image][\/et_pb_column][et_pb_column type=\u00bb1_3&#8243; _builder_version=\u00bb3.26&#8243;][et_pb_cta url_new_window=\u00bbon\u00bb _builder_version=\u00bb3.26&#8243; background_color=\u00bb#FFFFFF\u00bb border_radii=\u00bboff|45px|45px||\u00bb border_width_all=\u00bb1px\u00bb border_color_all=\u00bb#da3739&#8243; border_style_all=\u00bbdashed\u00bb link_option_url=\u00bbhttps:\/\/doloresibarruribhi.eus\/wp-content\/uploads\/2019\/07\/Bizkaira-esatera-ninjoan.pdf\u00bb link_option_url_new_window=\u00bbon\u00bb]<\/p>\n<div id=\"portlet-wrapper-56_INSTANCE_22Kj\" class=\"portlet\">\n<div class=\"portlet-topper\"><\/div>\n<div class=\"portlet-content\">\n<div class=\"portlet-content-container\">\n<div>\n<div id=\"article_68521_1594195_1.0\" class=\"journal-content-article\">\n<h3>Gallarta y el euskera en la antig\u00fcedad<\/h3>\n<\/div>\n<\/div>\n<\/div>\n<\/div>\n<\/div>\n<p>[\/et_pb_cta][\/et_pb_column][et_pb_column type=\u00bb1_3&#8243; _builder_version=\u00bb3.26&#8243;][et_pb_image src=\u00bbhttps:\/\/doloresibarruribhi.eus\/wp-content\/uploads\/2019\/07\/abanto_zierbena.jpg\u00bb url=\u00bbhttp:\/\/www.abanto-zierbena.eus\/eu-ES\/Orrialdeak\/default.aspx\u00bb url_new_window=\u00bbon\u00bb _builder_version=\u00bb3.26&#8243;][\/et_pb_image][\/et_pb_column][\/et_pb_row][\/et_pb_section]<\/p>\n","protected":false},"excerpt":{"rendered":"<p>Dolores Ibarruri, \u00abPasionaria\u00bb Dolores Ibarruri G\u00f3mez naci\u00f3 el 9 de Diciembre de 1895 en Gallarta en el seno de una familia pobre y numerosa. De familia minera y carlista, el ambiente familiar, las lecturas piadosas y su fort\u00edsimo car\u00e1cter favorecieron una devoci\u00f3n religiosa que la llev\u00f3 a las puertas del convento. Su formaci\u00f3n escolar hasta [&hellip;]<\/p>\n","protected":false},"author":1,"featured_media":0,"parent":0,"menu_order":0,"comment_status":"closed","ping_status":"closed","template":"page-template-fullwidth.php","meta":{"_et_pb_use_builder":"on","_et_pb_old_content":"","_et_gb_content_width":"","footnotes":""},"class_list":["post-2313","page","type-page","status-publish","hentry"],"_links":{"self":[{"href":"https:\/\/doloresibarruribhi.eus\/es\/wp-json\/wp\/v2\/pages\/2313","targetHints":{"allow":["GET"]}}],"collection":[{"href":"https:\/\/doloresibarruribhi.eus\/es\/wp-json\/wp\/v2\/pages"}],"about":[{"href":"https:\/\/doloresibarruribhi.eus\/es\/wp-json\/wp\/v2\/types\/page"}],"author":[{"embeddable":true,"href":"https:\/\/doloresibarruribhi.eus\/es\/wp-json\/wp\/v2\/users\/1"}],"replies":[{"embeddable":true,"href":"https:\/\/doloresibarruribhi.eus\/es\/wp-json\/wp\/v2\/comments?post=2313"}],"version-history":[{"count":5,"href":"https:\/\/doloresibarruribhi.eus\/es\/wp-json\/wp\/v2\/pages\/2313\/revisions"}],"predecessor-version":[{"id":2320,"href":"https:\/\/doloresibarruribhi.eus\/es\/wp-json\/wp\/v2\/pages\/2313\/revisions\/2320"}],"wp:attachment":[{"href":"https:\/\/doloresibarruribhi.eus\/es\/wp-json\/wp\/v2\/media?parent=2313"}],"curies":[{"name":"wp","href":"https:\/\/api.w.org\/{rel}","templated":true}]}}