{"id":2570,"date":"2019-10-16T17:53:26","date_gmt":"2019-10-16T15:53:26","guid":{"rendered":"https:\/\/doloresibarruribhi.eus\/?page_id=2570"},"modified":"2020-12-19T17:10:39","modified_gmt":"2020-12-19T16:10:39","slug":"agenda-21","status":"publish","type":"page","link":"https:\/\/doloresibarruribhi.eus\/es\/agenda-21\/","title":{"rendered":"Agenda 2030"},"content":{"rendered":"\n[et_pb_section fb_built=\u00bb1&#8243; fullwidth=\u00bbon\u00bb _builder_version=\u00bb3.26&#8243; custom_margin=\u00bb||0px||false|false\u00bb custom_padding=\u00bb||0px||false|false\u00bb][et_pb_fullwidth_post_title meta=\u00bboff\u00bb featured_image=\u00bboff\u00bb _builder_version=\u00bb3.26&#8243; background_image=\u00bbhttps:\/\/doloresibarruribhi.eus\/wp-content\/uploads\/2019\/07\/DoloresIbarruri_Goiburua.png\u00bb][\/et_pb_fullwidth_post_title][\/et_pb_section][et_pb_section fb_built=\u00bb1&#8243; _builder_version=\u00bb3.26&#8243; custom_margin=\u00bb||||false|false\u00bb custom_padding=\u00bb||||false|false\u00bb][et_pb_row column_structure=\u00bb3_4,1_4&#8243; _builder_version=\u00bb3.26&#8243; custom_margin=\u00bb||0px||false|false\u00bb custom_padding=\u00bb||0px||false|false\u00bb][et_pb_column type=\u00bb3_4&#8243; _builder_version=\u00bb3.26&#8243;][et_pb_text _builder_version=\u00bb4.4.1&#8243; header_font=\u00bb|300|||||||\u00bb header_2_font=\u00bbRaleway||||||||\u00bb header_3_font=\u00bbRaleway||||||||\u00bb custom_margin=\u00bb||||false|false\u00bb custom_padding=\u00bb||||false|false\u00bb hover_enabled=\u00bb0&#8243; header_2_font_tablet=\u00bb\u00bb header_2_font_phone=\u00bb\u00bb header_2_font_last_edited=\u00bbon|desktop\u00bb]<p style=\"text-align: justify;\">Si todos los habitantes del planeta tuvieran el modelo de consumo que <strong>nosotros<\/strong>\u00a0tenemos har\u00edan falta\u00a0<strong>dos<\/strong><strong>\u00a0<\/strong><strong>planetas<\/strong><strong>\u00a0<\/strong><strong>y<\/strong><strong>\u00a0<\/strong><strong>medio<\/strong>\u00a0para satisfacer las necesidades de todos.<\/p>\n<p>Pero, como s\u00f3lo disponemos de un planeta, \u00bfqu\u00e9 ocurre?:<\/p>\n<ul style=\"text-align: justify;\">\n<li>Que otros viven peor que nosotros.<\/li>\n<li>Que se est\u00e1n agotando los recursos naturales del mundo: los nuestros y los de los dem\u00e1s.<\/li>\n<li>Que con nuestros residuos estamos contaminando el suelo, el agua y el aire.<\/li>\n<li>Que nuestros residuos ocupan cada vez m\u00e1s espacio.<\/li>\n<li>Que estamos consumiendo los recursos de las generaciones futuras y, al fin y al cabo, el futuro que les estamos dejando no es muy agradable.<\/li>\n<\/ul>\n<p style=\"text-align: justify;\">Por tanto, nuestro modo de vida es totalmente\u00a0<strong>insostenible<\/strong>.<\/p>\n<p lang=\"es-ES\" align=\"JUSTIFY\">\u00bfQu\u00e9 podemos hacer para que nuestro modo de vida sea sostenible?<\/p>[\/et_pb_text][\/et_pb_column][et_pb_column type=\u00bb1_4&#8243; _builder_version=\u00bb3.26&#8243;][et_pb_image _builder_version=\u00bb4.4.1&#8243; hover_enabled=\u00bb0&#8243; src=\u00bbhttps:\/\/doloresibarruribhi.eus\/wp-content\/uploads\/2020\/12\/pasted-image-0.png\u00bb][\/et_pb_image][\/et_pb_column][\/et_pb_row][et_pb_row _builder_version=\u00bb3.26&#8243; custom_margin=\u00bb||||false|false\u00bb custom_padding=\u00bb||||false|false\u00bb][et_pb_column type=\u00bb4_4&#8243; _builder_version=\u00bb3.26&#8243;][et_pb_text _builder_version=\u00bb4.4.1&#8243; hover_enabled=\u00bb0&#8243;]<p style=\"text-align: justify;\">La Agenda 2030 para el Desarrollo Sostenible retoma los Objetivos de Desarrollo del Milenio establecidos para el periodo 2000-2015 y da un nuevo impulso a la iniciativa para alcanzar los 17 Objetivos de Desarrollo Sostenible. Estos objetivos se agrupan en cinco esferas de importancia cr\u00edtica para la humanidad y el planeta, que deben cumplir una misi\u00f3n clara y garantizar que \u00abnadie se queda atr\u00e1s\u00bb.<\/p>\n<p style=\"text-align: justify;\">\n<div class=\"row\">\n<div class=\"col-md-12 col-xs-12\" style=\"text-align: justify;\">\n<p><span style=\"color: #3366ff;\">Personas:<\/span> queremos erradicar la pobreza y el hambre, en todas sus formas y dimensiones, y garantizar que todos los seres humanos pueden desarrollar su potencial, con dignidad e igualdad, en un medio ambiente saludable.<\/p>\n<p><span style=\"color: #3366ff;\">Planeta:<\/span> queremos proteger el Planeta contra el deterioro y para ello son necesarios consumos y producciones sostenibles, gesti\u00f3n sostenible de los recursos naturales y frente al cambio clim\u00e1tico<\/p>\n<p><span style=\"color: #3366ff;\">Prosperidad:<\/span> todos los hombres tienen que tener derecho a una vida pr\u00f3spera y plena; adem\u00e1s de garantizarlo, tienen que poder combinarlo con su progreso econ\u00f3mico, social y tecnol\u00f3gico, de forma armoniosa, medidas urgentes para satisfacer las necesidades de las generaciones presentes y futuras.<\/p>\n<p><span style=\"color: #3366ff;\">Paz:<\/span> debemos apostar por sociedades pac\u00edficas, justas e inclusivas en las que la paz pueda convivir sin miedos ni violencias.<\/p>\n<p><span style=\"color: #3366ff;\">Cooperaci\u00f3n:<\/span> la implementaci\u00f3n de la Agenda de Cooperaci\u00f3n requiere movilizar los recursos necesarios, a trav\u00e9s de una Alianza Mundial de Desarrollo Sostenible acelerada, con la colaboraci\u00f3n de todos los pa\u00edses, partes interesadas y personas, y debe basarse en un mayor esp\u00edritu de solidaridad en todo el mundo, otorgando especial importancia a quienes sufren m\u00e1s la pobreza y la vulnerabilidad.<\/p>\n<p>Por otro lado, los 17 Objetivos de Desarrollo Sostenible y los 169 destinos que los desarrollan tienen un car\u00e1cter integrado e indivisible, abarcando las tres dimensiones del desarrollo sostenible (social, econ\u00f3mico y medioambiental).<\/p>\n<\/div>\n<\/div>\n[\/et_pb_text][et_pb_image src=\u00bbhttps:\/\/doloresibarruribhi.eus\/wp-content\/uploads\/2020\/12\/image1.png\u00bb _builder_version=\u00bb4.4.1&#8243; hover_enabled=\u00bb0&#8243; align=\u00bbcenter\u00bb][\/et_pb_image][et_pb_text _builder_version=\u00bb4.4.1&#8243; header_font=\u00bb|300|||||||\u00bb header_2_font=\u00bbRaleway||||||||\u00bb header_3_font=\u00bbRaleway||||||||\u00bb custom_margin=\u00bb||||false|false\u00bb custom_padding=\u00bb||||false|false\u00bb hover_enabled=\u00bb0&#8243; header_2_font_tablet=\u00bb\u00bb header_2_font_phone=\u00bb\u00bb header_2_font_last_edited=\u00bbon|desktop\u00bb]<h2>\u00bfQU\u00c9 ES LA AGENDA 2030?<\/h2>\n<p style=\"text-align: justify;\">Nuestros pueblos y nuestros centros de educaci\u00f3n obligatoria quieren impulsar la educaci\u00f3n para el desarrollo sostenible; para ello han decidido llevar a cabo la AGENDA 2030 en municipios y centros educativos. Por tanto, la Agenda 2030 es un compromiso de todos y, por otro lado, es un plan de acci\u00f3n a favor de la mejora de la situaci\u00f3n social y medioambiental y en concreto de nuestro centro educativo y de su entorno.<\/p>\n<h2>\u00bfCU\u00c1LES SON LOS OBJETIVOS DE LA AGENDA 2030?<\/h2>\n<ul>\n<li style=\"text-align: left;\">Conseguir la renovaci\u00f3n y calidad educativa, desarrollar en nuestro alumnado las\u00a0<strong>capacidades<\/strong><strong>\u00a0<\/strong><strong>para<\/strong><strong>\u00a0<\/strong><strong>resolver<\/strong><strong>\u00a0<\/strong><strong>problemas<\/strong>\u00a0y\u00a0<strong>educarlos<\/strong><strong>\u00a0<\/strong><strong>para<\/strong><strong>\u00a0<\/strong><strong>ser<\/strong><strong>\u00a0<\/strong><strong>ciudadanos<\/strong><strong>\u00a0<\/strong><strong>participativos.<\/strong><\/li>\n<li style=\"text-align: left;\">Que el alumnado\u00a0<strong>conozca<\/strong><strong>\u00a0<\/strong><strong>los<\/strong><strong>\u00a0<\/strong><strong>problemas<\/strong>\u00a0sociales y medioambientales de la escuela y del municipio y\u00a0<strong>acuerde<\/strong><strong>\u00a0<\/strong><strong>y<\/strong><strong>\u00a0<\/strong><strong>lleve<\/strong><strong>\u00a0<\/strong><strong>a<\/strong><strong>\u00a0<\/strong><strong>cabo<\/strong><strong>\u00a0<\/strong><strong>propuestas<\/strong><strong>\u00a0<\/strong><strong>y<\/strong><strong>\u00a0<\/strong><strong>alternativas<\/strong>\u00a0de mejora de los mismos.<\/li>\n<li style=\"text-align: left;\"><strong>Transformar el centro en un modelo de buenas pr\u00e1cticas a favor del medio ambiente y de la sociedad.<\/strong><\/li>\n<\/ul>\n<p lang=\"es-ES\" style=\"text-align: justify;\">Todos los a\u00f1os trabajamos un tema; por ejemplo el \u201cconsumo sostenible\u201d, analizamos los problemas que surgen en torno al mismo en la escuela, en casa y en el municipio. Despu\u00e9s de estudiar los problemas, fijamos unos objetivos y comenzamos a trabajar: aprendiendo a comprar, haciendo un buen uso de los recursos, la energ\u00eda , el agua, reduciendo la producci\u00f3n de residuos, gestionando bien los residuos, reciclando, etc.<\/p>\n<p lang=\"es-ES\" style=\"text-align: justify;\">\u00bfCu\u00e1l puede ser un ejemplo del consumo sostenible? LA COMPRA VERDE.<\/p>\n<h2>PADRES Y MADRES: \u00bfQU\u00c9 POD\u00c9IS HACER EN CASA?<\/h2>\n<ul>\n<li style=\"text-align: justify;\">Trabajar en casa los temas que se est\u00e1n tratando en la Agenda 2030. La influencia de la familia es bastante mayor que la de la escuela a la hora de conseguir las metas educativas del alumnado; doble, seg\u00fan dicen los entendidos.<\/li>\n<li style=\"text-align: justify;\">Participando como miembro del Comit\u00e9 Ambiental, para fortalecer la relaci\u00f3n entre escuela y familia, y que ambos contribuyan en el mismo sentido en la educaci\u00f3n de los alumnos y alumnas.<\/li>\n<\/ul>\n<p style=\"text-align: justify;\">Aqu\u00ed os ofrecemos unas cuantas medidas para impulsar la compra sostenible: <a href=\"https:\/\/doloresibarruribhi.eus\/wp-content\/uploads\/2019\/08\/A21-Familientzako-aholkuak.-Erosketa-jasangarria.pdf\" target=\"_blank\" rel=\"noopener noreferrer\">COMPRA SOSTENIBLE<\/a>.<\/p>\n<p style=\"text-align: justify;\"><em>Si est\u00e1is interesados pronto nos pondremos en contacto con vosotros a trav\u00e9s de vuestros hijos o hijas.<\/em><\/p>\n<p style=\"text-align: justify;\"><a href=\"https:\/\/doloresibarruribhi.eus\/wp-content\/uploads\/2019\/08\/AE21-Aurkezpena-12-13.pdf\" target=\"_blank\" rel=\"noopener noreferrer\">PRESENTACI\u00d3N DEL PROYECTO AGENDA 21<\/a><\/p>\n<p style=\"text-align: justify;\">\n[\/et_pb_text][\/et_pb_column][\/et_pb_row][et_pb_row column_structure=\u00bb3_5,2_5&#8243; _builder_version=\u00bb3.26&#8243; custom_margin=\u00bb0px||0px||false|false\u00bb custom_padding=\u00bb0px||0px||false|false\u00bb][et_pb_column type=\u00bb3_5&#8243; _builder_version=\u00bb3.26&#8243;][et_pb_text module_class=\u00bbdolores\u00bb _builder_version=\u00bb3.27.4&#8243;]<h2>CURSO 2015-2016<\/h2>\n<p style=\"text-align: justify;\">Como pod\u00e9is ver en esta p\u00e1gina Web, hay diferentes referencias a los proyectos del instituto. Proyectos que se unen en el d\u00eda a d\u00eda.<\/p>\n<p style=\"text-align: justify;\">Este a\u00f1o hemos dado un paso importante con respecto de la Agenda 21 Escolar. Comenzamos el a\u00f1o con un nuevo emblema, el de la sostenibilidad.<\/p>[\/et_pb_text][\/et_pb_column][et_pb_column type=\u00bb2_5&#8243; _builder_version=\u00bb3.26&#8243;][et_pb_image src=\u00bbhttps:\/\/doloresibarruribhi.eus\/wp-content\/uploads\/2019\/08\/Eskola-Jasangarria-Ziurtagiria.jpg\u00bb _builder_version=\u00bb3.26&#8243;][\/et_pb_image][\/et_pb_column][\/et_pb_row][et_pb_row column_structure=\u00bb1_3,1_3,1_3&#8243; _builder_version=\u00bb3.26&#8243;][et_pb_column type=\u00bb1_3&#8243; _builder_version=\u00bb3.26&#8243;][et_pb_image src=\u00bbhttps:\/\/doloresibarruribhi.eus\/wp-content\/uploads\/2019\/08\/Agenda_21_1.jpg\u00bb show_in_lightbox=\u00bbon\u00bb _builder_version=\u00bb3.26&#8243; border_radii=\u00bboff||45px||\u00bb border_width_all=\u00bb1px\u00bb border_color_all=\u00bb#da3739&#8243; border_style_all=\u00bbdashed\u00bb][\/et_pb_image][\/et_pb_column][et_pb_column type=\u00bb1_3&#8243; _builder_version=\u00bb3.26&#8243;][et_pb_image src=\u00bbhttps:\/\/doloresibarruribhi.eus\/wp-content\/uploads\/2019\/08\/Agenda_21_2.jpg\u00bb show_in_lightbox=\u00bbon\u00bb _builder_version=\u00bb3.26&#8243; border_radii=\u00bboff||45px||\u00bb border_width_all=\u00bb1px\u00bb border_color_all=\u00bb#da3739&#8243; border_style_all=\u00bbdashed\u00bb][\/et_pb_image][\/et_pb_column][et_pb_column type=\u00bb1_3&#8243; _builder_version=\u00bb3.26&#8243;][et_pb_image src=\u00bbhttps:\/\/doloresibarruribhi.eus\/wp-content\/uploads\/2019\/08\/Agenda_21_3.jpg\u00bb show_in_lightbox=\u00bbon\u00bb _builder_version=\u00bb3.26&#8243; border_radii=\u00bboff||45px||\u00bb border_width_all=\u00bb1px\u00bb border_color_all=\u00bb#da3739&#8243; border_style_all=\u00bbdashed\u00bb][\/et_pb_image][\/et_pb_column][\/et_pb_row][\/et_pb_section]\n","protected":false},"excerpt":{"rendered":"<p>Si todos los habitantes del planeta tuvieran el modelo de consumo que nosotros\u00a0tenemos har\u00edan falta\u00a0dos\u00a0planetas\u00a0y\u00a0medio\u00a0para satisfacer las necesidades de todos. Pero, como s\u00f3lo disponemos de un planeta, \u00bfqu\u00e9 ocurre?: Que otros viven peor que nosotros. Que se est\u00e1n agotando los recursos naturales del mundo: los nuestros y los de los dem\u00e1s. Que con nuestros residuos [&hellip;]<\/p>\n","protected":false},"author":1,"featured_media":0,"parent":0,"menu_order":0,"comment_status":"closed","ping_status":"closed","template":"page-template-fullwidth.php","meta":{"_et_pb_use_builder":"on","_et_pb_old_content":"","_et_gb_content_width":"","footnotes":""},"class_list":["post-2570","page","type-page","status-publish","hentry"],"_links":{"self":[{"href":"https:\/\/doloresibarruribhi.eus\/es\/wp-json\/wp\/v2\/pages\/2570","targetHints":{"allow":["GET"]}}],"collection":[{"href":"https:\/\/doloresibarruribhi.eus\/es\/wp-json\/wp\/v2\/pages"}],"about":[{"href":"https:\/\/doloresibarruribhi.eus\/es\/wp-json\/wp\/v2\/types\/page"}],"author":[{"embeddable":true,"href":"https:\/\/doloresibarruribhi.eus\/es\/wp-json\/wp\/v2\/users\/1"}],"replies":[{"embeddable":true,"href":"https:\/\/doloresibarruribhi.eus\/es\/wp-json\/wp\/v2\/comments?post=2570"}],"version-history":[{"count":9,"href":"https:\/\/doloresibarruribhi.eus\/es\/wp-json\/wp\/v2\/pages\/2570\/revisions"}],"predecessor-version":[{"id":5525,"href":"https:\/\/doloresibarruribhi.eus\/es\/wp-json\/wp\/v2\/pages\/2570\/revisions\/5525"}],"wp:attachment":[{"href":"https:\/\/doloresibarruribhi.eus\/es\/wp-json\/wp\/v2\/media?parent=2570"}],"curies":[{"name":"wp","href":"https:\/\/api.w.org\/{rel}","templated":true}]}}